{"id":54,"date":"2019-12-02T11:48:48","date_gmt":"2019-12-02T11:48:48","guid":{"rendered":"http:\/\/gegen-area3-ost.info\/?page_id=54"},"modified":"2020-02-20T17:21:30","modified_gmt":"2020-02-20T17:21:30","slug":"forum","status":"publish","type":"page","link":"https:\/\/gegen-area3-ost.info\/?page_id=54","title":{"rendered":"Informationen"},"content":{"rendered":"\n<div class=\"wp-block-group\"><div class=\"wp-block-group__inner-container is-layout-flow wp-block-group-is-layout-flow\">\n<p>Webseiten des Nieders\u00e4chsischen Ministeriums f\u00fcr Umwelt, Energie, Bauen und Klimaschutz zum Fl\u00e4chenverbrauch:<\/p>\n\n\n\n<p><a href=\"https:\/\/www.umwelt.niedersachsen.de\/themen\/nachhaltigkeit\/flaechenverbrauch\/zukunft-flaeche-92196.html\">https:\/\/www.umwelt.niedersachsen.de\/themen\/nachhaltigkeit\/flaechenverbrauch\/zukunft-flaeche-92196.html<\/a><\/p>\n<\/div><\/div>\n\n\n\n<pre class=\"wp-block-verse\">Im Fl\u00e4chenrechner des Bundesumweltamtes k\u00f6nnen Sie Ihre Gemeinde eingeben und deren bisherigen und nach den Empfehlungen der Bundesregierung m\u00f6glichen Fl\u00e4chenverbrauch einsehen (den betreffenden Kartenausschnitt anklicken):<br><a href=\"https:\/\/gis.uba.de\/maps\/resources\/apps\/flaechenrechner\/index.html?lang=de&amp;vm=2D&amp;s=1155581.108577&amp;c=1108915.7945499998%2C6734879.32735\">https:\/\/gis.uba.de\/maps\/resources\/apps\/flaechenrechner\/index.html?lang=de&amp;vm=2D&amp;s=1155581.108577&amp;c=1108915.7945499998%2C6734879.32735<\/a><\/pre>\n\n\n\n<p>Zitat aus der Webseite des Bundesumweltamtes:<\/p>\n\n\n\n<p>https:\/\/www.bmu.de\/themen\/nachhaltigkeit-internationales\/nachhaltige-entwicklung\/strategie-und-umsetzung\/reduzierung-des-flaechenverbrauchs\/<br><br> T\u00e4glich werden in Deutschland rund 58 Hektar als Siedlungsfl\u00e4chen und  Verkehrsfl\u00e4chen neu ausgewiesen. Dies entspricht einer  Fl\u00e4chenneuinanspruchnahme \u2013 kurz Fl\u00e4chenverbrauch \u2013 von  circa 82  Fu\u00dfballfeldern. Zwar l\u00e4sst sich &#8222;Fl\u00e4che&#8220; im engeren Wortsinn nicht  &#8222;verbrauchen&#8220;. Fl\u00e4che ist jedoch \u2013 wie auch der Boden  \u2013 eine endliche  Ressource, mit der der Mensch sparsam umgehen muss, um sich seine  Lebensgrundlagen zu erhalten. Fl\u00e4chenverbrauch ist ein schleichendes  Ph\u00e4nomen. B\u00fcrger und selbst politische Entscheidungstr\u00e4ger nehmen es  kaum wahr. Daher mangelt es weithin am n\u00f6tigen Problembewusstsein.<br><\/p>\n\n\n\n<p>Nicht zu verwechseln mit dem Fl\u00e4chenverbrauch ist die \nVersiegelung. Diese macht B\u00f6den undurchl\u00e4ssig f\u00fcr Niederschl\u00e4ge und \nzerst\u00f6rt die nat\u00fcrlichen Bodenfunktionen. Siedlungsfl\u00e4chen und \nVerkehrsfl\u00e4chen umfassen jedoch auch unbebaute und nicht versiegelte \nB\u00f6den, zum Beispiel &#8222;Erholungsfl\u00e4chen&#8220; wie: Stadtparks, Sportpl\u00e4tze, \nSkaterbahnen, Golfpl\u00e4tze und viele mehr.<\/p>\n\n\n\n<h3 class=\"wp-block-heading\">\n            Politik der Bundesregierung\n        <\/h3>\n\n\n\n<figure class=\"wp-block-image\"><img decoding=\"async\" src=\"https:\/\/www.bmu.de\/typo3temp\/_processed_\/7\/1\/csm__c__BMU__csm_flaechenverbrauch_2018_d3c41f9eb4_86c642c7a0_58ee8058cf.png\" alt=\"\"\/><\/figure>\n\n\n\n<p>Bis zum Jahr 2030 will die Bundesregierung den \nFl\u00e4chenverbrauch auf unter 30 Hektar pro Tag verringern. Diese gegen\u00fcber\n der Nachhaltigkeitsstrategie von 2002 versch\u00e4rfte Festlegung wurde vom \nBundeskabinett im Januar 2017 in der &#8222;Deutschen Nachhaltigkeitsstrategie\n \u2013 Neuauflage 2016&#8220; festgelegt. Im Klimaschutzplan vom November 2016, \nder die Leitplanken f\u00fcr ein grunds\u00e4tzliches Umsteuern in Wirtschaft und \nGesellschaft auf dem Weg zu einem treibhausgasneutralen Deutschland \nbeschreibt, strebt die Bundesregierung bis 2050 sogar das \nFl\u00e4chenverbrauchsziel Netto-Null (Fl\u00e4chenkreislaufwirtschaft) an, womit \nsie eine Zielsetzung der Europ\u00e4ischen Kommission aufgegriffen hat.<br>\n  <\/p>\n","protected":false},"excerpt":{"rendered":"<p>Webseiten des Nieders\u00e4chsischen Ministeriums f\u00fcr Umwelt, Energie, Bauen und Klimaschutz zum Fl\u00e4chenverbrauch: https:\/\/www.umwelt.niedersachsen.de\/themen\/nachhaltigkeit\/flaechenverbrauch\/zukunft-flaeche-92196.html Im Fl\u00e4chenrechner des Bundesumweltamtes k\u00f6nnen Sie Ihre Gemeinde eingeben und deren bisherigen und nach den Empfehlungen der Bundesregierung m\u00f6glichen Fl\u00e4chenverbrauch einsehen (den betreffenden Kartenausschnitt anklicken):https:\/\/gis.uba.de\/maps\/resources\/apps\/flaechenrechner\/index.html?lang=de&amp;vm=2D&amp;s=1155581.108577&amp;c=1108915.7945499998%2C6734879.32735 Zitat aus &hellip; <a href=\"https:\/\/gegen-area3-ost.info\/?page_id=54\">Weiterlesen <span class=\"meta-nav\">&rarr;<\/span><\/a><\/p>\n","protected":false},"author":1,"featured_media":0,"parent":0,"menu_order":0,"comment_status":"closed","ping_status":"closed","template":"","meta":{"_bbp_topic_count":0,"_bbp_reply_count":0,"_bbp_total_topic_count":0,"_bbp_total_reply_count":0,"_bbp_voice_count":0,"_bbp_anonymous_reply_count":0,"_bbp_topic_count_hidden":0,"_bbp_reply_count_hidden":0,"_bbp_forum_subforum_count":0,"footnotes":""},"_links":{"self":[{"href":"https:\/\/gegen-area3-ost.info\/index.php?rest_route=\/wp\/v2\/pages\/54"}],"collection":[{"href":"https:\/\/gegen-area3-ost.info\/index.php?rest_route=\/wp\/v2\/pages"}],"about":[{"href":"https:\/\/gegen-area3-ost.info\/index.php?rest_route=\/wp\/v2\/types\/page"}],"author":[{"embeddable":true,"href":"https:\/\/gegen-area3-ost.info\/index.php?rest_route=\/wp\/v2\/users\/1"}],"replies":[{"embeddable":true,"href":"https:\/\/gegen-area3-ost.info\/index.php?rest_route=%2Fwp%2Fv2%2Fcomments&post=54"}],"version-history":[{"count":17,"href":"https:\/\/gegen-area3-ost.info\/index.php?rest_route=\/wp\/v2\/pages\/54\/revisions"}],"predecessor-version":[{"id":472,"href":"https:\/\/gegen-area3-ost.info\/index.php?rest_route=\/wp\/v2\/pages\/54\/revisions\/472"}],"wp:attachment":[{"href":"https:\/\/gegen-area3-ost.info\/index.php?rest_route=%2Fwp%2Fv2%2Fmedia&parent=54"}],"curies":[{"name":"wp","href":"https:\/\/api.w.org\/{rel}","templated":true}]}}